{"id":3,"date":"2019-11-11T10:26:07","date_gmt":"2019-11-11T09:26:07","guid":{"rendered":"https:\/\/www.dbrady.at\/raetiae\/?page_id=3"},"modified":"2020-03-23T14:39:15","modified_gmt":"2020-03-23T13:39:15","slug":"datenschutzerklaerung","status":"publish","type":"page","link":"https:\/\/www.raetia.net\/it\/datenschutzerklaerung\/","title":{"rendered":"Informativa sulla privacy"},"content":{"rendered":"<h2 class=\"wp-block-heading\">Datenschutz<\/h2>\n\n\n\n<p>Art. 13 GvD Nr. 196\/2003<\/p>\n\n\n\n<ul class=\"wp-block-list\"><li><strong>Zweck und Modalit\u00e4ten der obligatorischen Datenverarbeitung<\/strong><br>      Gem\u00e4\u00df Art. 13 des Datenschutzgesetzes (GvD Nr. Nr. 196 vom 30. Juni 2003)      wird allen Betroffenen mitgeteilt, dass die Verarbeitung der von ihnen      angegebenen personenbezogenen und\/oder sensiblen Daten der Erf\u00fcllung von      gesetzlichen und vertraglichen Pflichten bzw. von Pflichten im Rahmen des      vom Betroffenen erteilten Auftrags dient.<\/li><li><strong>Zweck      und Modalit\u00e4ten der fakultativen Datenverarbeitung<\/strong><br>      Die personengebundenen Daten k\u00f6nnen auch f\u00fcr die Zusendung von      Informations- und\/oder Werbematerial oder f\u00fcr kommerzielle Mitteilungen zu      neuen Produkten oder Aktualisierungen und Neuheiten bei bestehenden      Produkten genutzt werden. Die genannten Daten k\u00f6nnen auch f\u00fcr das      Versenden von Gl\u00fcckw\u00fcnschen (Weihnachten, Geburtstag usw.) verwendet      werden.<\/li><li><strong>Art      der Datenmitteilung<\/strong><br>      Die Datenmitteilung ist f\u00fcr die unter Punkt 1) genannten Zwecke      obligatorisch. Wenn der Betroffene die Mitteilung dieser      personengebundenen Daten zur G\u00e4nze oder zum Teil bzw. die Zustimmung zur      Datenverarbeitung verweigert, kann das zur Folge haben, dass der Vertrag      nicht oder nur teilweise ausgef\u00fchrt oder der Auftrag nicht erf\u00fcllt werden      kann.<br>      Die Mitteilung der Daten f\u00fcr die unter Punkt 2) genannten Zwecke und die      Zustimmung zu dieser Datenverarbeitung ist fakultativ; eine etwaige      Verweigerung dieser Datenmitteilung hat keinen Einfluss auf die Ausf\u00fchrung      der Leistung.<\/li><li><strong>Subjekte,      denen die personenbezogenen Daten mitgeteilt werden k\u00f6nnen<\/strong><br>      Die von Ihnen mitgeteilten personenbezogenen Daten k\u00f6nnen von unserem      internen Personal f\u00fcr administrative, steuerliche, buchhalterische Zwecke      sowie f\u00fcr alle anderen gesetzlich vorgesehenen Erfordernisse verarbeitet      werden. Wir teilen Ihnen mit, dass das Personal, das Kenntnis von Ihren      Daten erlangen kann, mit einem eigenen Auftragsschreiben benannt wurde,      das Anweisungen f\u00fcr die gesetzeskonforme Verarbeitung von      personenbezogenen Daten enth\u00e4lt.<br>      Wir teilen Ihnen weiters mit, dass etwaige verbandsexterne Anbieter, die      mit der Verarbeitung Ihrer personenbezogenen Daten beauftragt sind, mit      einem eigenen Auftragsschreiben bestellt wurden, in dem die      Verantwortlichkeiten und die Pflichten im Zusammenhang mit der&nbsp;      Verarbeitung von personenbezogenen Daten genau festgelegt sind.<br>      Das Verbot, Ihre personenbezogenen Daten&nbsp; Dritten&nbsp; mitzuteilen      oder an Dritte weiterzugeben, die zur Ausf\u00fchrung der von Ihnen beantragten      Leistungen nicht unbedingt notwendig sind, bleibt davon unber\u00fchrt.<\/li><li><strong>Datenverarbeitung<\/strong><br>      Die Datenverarbeitung kann in Papierform und\/oder mittels elektronischer      Modalit\u00e4ten erfolgen, im Sinne des GvD. Nr. 196\/2003.<\/li><li><strong>Rechte      des Betroffenen <\/strong><br>      Sie k\u00f6nnen Ihre Rechte gegen\u00fcber dem Tr\u00e4ger der Datenverarbeitung gem\u00e4\u00df      Art. 7 des GvD Nr. 196\/2003&nbsp; \u2013 Recht auf Zugriff zu den      personenbezogenen Daten und andere Rechte \u2013 jederzeit geltend machen.      Wortlaut des Art. 7:<strong>Art. 7 Recht auf Zugriff zu den personenbezogenen      Daten und andere Rechte<\/strong><\/li><\/ul>\n\n\n\n<p> 1. Der Betroffene ist berechtigt, eine      Best\u00e4tigung \u00fcber das Bestehen oder Nichtbestehen von Daten, die seine      Person betreffen, auch wenn diese noch nicht eingetragen sind, und deren      Mitteilung in lesbarer Form zu erhalten. <\/p>\n\n\n\n<p>2. Der\nBetroffene ist berechtigt, folgende Informationen zu erhalten:<\/p>\n\n\n\n<ul class=\"wp-block-list\"><li>Herkunft\n      der personenbezogenen Daten<\/li><li>Zweck\n      und Modalit\u00e4ten der Datenverarbeitung;<\/li><li>logisches\n      System bei Einsatz einer computergest\u00fctzten Datenverarbeitung;<\/li><li>Daten\n      des Tr\u00e4gers, der Verantwortlichen und des laut Art. 5, Abs. 2\n      bezeichneten Datenschutz-Vertreters;<\/li><li>Namen\n      der Subjekte oder Arten von Subjekten, denen die personenbezogenen Daten\n      mitgeteilt werden k\u00f6nnen oder die in ihrer Eigenschaft als bezeichneter\n      Vertreter f\u00fcr das italienische Staatsgebiet, als Verantwortliche oder\n      Beauftragte Kenntnis der Daten erlangen k\u00f6nnen.<\/li><\/ul>\n\n\n\n<p>3. Der\nBetroffene kann:<\/p>\n\n\n\n<ul class=\"wp-block-list\"><li>die\n      Aktualisierung, die Richtigstellung bzw. \u2013 sofern ein entsprechendes\n      Interesse besteht \u2013 die Erg\u00e4nzung der Daten fordern;<\/li><li>die\n      L\u00f6schung, die Umwandlung in anonyme Form oder die Sperre von\n      gesetzeswidrig verarbeiteten Daten, einschlie\u00dflich jener Daten fordern,\n      deren Speicherung f\u00fcr die Zwecke nicht erforderlich ist, f\u00fcr die\n      urspr\u00fcnglich die Daten erfasst und verarbeitet wurden;<\/li><li>eine\n      Best\u00e4tigung dar\u00fcber fordern, dass die Verarbeitungsschritte laut lit. a)\n      und b) auch inhaltlich jenen Personen zur Kenntnis gebracht wurden, denen\n      die Daten \u00fcbermittelt und bekannt gemacht wurden; ausgenommen sind die\n      F\u00e4lle, in denen die Erf\u00fcllung dieser Pflicht sich als unm\u00f6glich erweist\n      oder im Verh\u00e4ltnis zur Wahrung des Rechtsanspruchs einen\n      unverh\u00e4ltnism\u00e4\u00dfig hohen Aufwand erfordern w\u00fcrde.<\/li><\/ul>\n\n\n\n<p>4. Der\nBetroffene hat das Recht:<\/p>\n\n\n\n<ul class=\"wp-block-list\"><li>die\n      Verarbeitung der ihn betreffenden personenbezogenen Daten aus\n      berechtigten Gr\u00fcnden vollst\u00e4ndig oder teilweise zu verweigern, auch wenn\n      sie f\u00fcr den Zweck bestimmt sind, f\u00fcr den die Datensammlung erfolgt ist;<\/li><li>die\n      Verarbeitung der ihn betreffenden personenbezogenen Daten zu verweigern,\n      wenn diese f\u00fcr die Zusendung von Werbematerial oder f\u00fcr den Direktverkauf\n      oder f\u00fcr die Durchf\u00fchrung von Marktforschungen oder f\u00fcr kommerzielle\n      Kommunikationszwecke bestimmt sind.<\/li><\/ul>\n\n\n\n<h2 class=\"wp-block-heading\">Hinweis zu Google Analytics<\/h2>\n\n\n\n<p>Wir weisen Sie darauf hin, dass\nauf dieser Website Google Analytics eingesetzt wird, ein Webanalysedienst der\nGoogle Inc. (\u201eGoogle\u201c).<\/p>\n\n\n\n<p><strong>Datenschutzerkl\u00e4rung f\u00fcr die Nutzung von Google Analytics<\/strong><br> Diese Website benutzt Google Analytics, einen Webanalysedienst der Google Inc. (\u201eGoogle\u201c). Google Analytics verwendet sog. \u201eCookies\u201c, Textdateien, die auf Ihrem Computer gespeichert werden und die eine Analyse der Benutzung der Website durch Sie erm\u00f6glichen. Die durch den Cookie erzeugten Informationen \u00fcber Ihre Benutzung dieser Website werden in der Regel an einen Server von Google in den USA \u00fcbertragen und dort gespeichert. Im Falle der Aktivierung der IP-Anonymisierung auf dieser Webseite wird Ihre IP-Adresse von Google jedoch innerhalb von Mitgliedstaaten der Europ\u00e4ischen Union oder in anderen Vertragsstaaten des Abkommens \u00fcber den Europ\u00e4ischen Wirtschaftsraum zuvor gek\u00fcrzt.<br> Nur in Ausnahmef\u00e4llen wird die volle IP-Adresse an einen Server von Google in den USA \u00fcbertragen und dort gek\u00fcrzt. Im Auftrag des Betreibers dieser Website wird Google diese Informationen benutzen, um Ihre Nutzung der Website auszuwerten, um Reports \u00fcber die Websiteaktivit\u00e4ten zusammenzustellen und um weitere mit der Websitenutzung und der Internetnutzung verbundene Dienstleistungen gegen\u00fcber dem Websitebetreiber zu erbringen. Die im Rahmen von Google Analytics von Ihrem Browser \u00fcbermittelte IP-Adresse wird nicht mit anderen Daten von Google zusammengef\u00fchrt.<br> Sie k\u00f6nnen die Speicherung der Cookies durch eine entsprechende Einstellung Ihrer Browser-Software verhindern; wir weisen Sie jedoch darauf hin, dass Sie in diesem Fall gegebenenfalls nicht s\u00e4mtliche Funktionen dieser Website vollumf\u00e4nglich werden nutzen k\u00f6nnen. Sie k\u00f6nnen dar\u00fcber hinaus die Erfassung der durch das Cookie erzeugten und auf Ihre Nutzung der Website bezogenen Daten (inkl. Ihrer IP-Adresse) an Google sowie die Verarbeitung dieser Daten durch Google verhindern, indem sie das unter dem folgenden Link verf\u00fcgbare Browser-Plugin herunterladen und installieren:&nbsp;<a href=\"http:\/\/tools.google.com\/dlpage\/gaoptout?hl=de\">http:\/\/tools.google.com\/dlpage\/gaoptout?hl=de<\/a>.<\/p>\n\n\n\n<p>Pflichtinformation nach EU-Verordnung\nNr. 524\/2013 des Europ\u00e4ischen Parlaments und Rats Plattform zur\nOnline-Beilegung verbraucherrechtlicher Streitigkeiten (ODR) der Europ\u00e4ischen\nKommission:&nbsp;<a href=\"http:\/\/ec.europa.eu\/consumers\/odr\/\" target=\"_blank\" rel=\"noreferrer noopener\">http:\/\/ec.europa.eu\/consumers\/odr\/<\/a><\/p>","protected":false},"excerpt":{"rendered":"","protected":false},"author":1,"featured_media":0,"parent":0,"menu_order":0,"comment_status":"closed","ping_status":"closed","template":"","meta":{"footnotes":""},"class_list":{"0":"post-3","1":"page","2":"type-page","3":"status-publish","5":"no-featured-image-padding"},"_links":{"self":[{"href":"https:\/\/www.raetia.net\/it\/wp-json\/wp\/v2\/pages\/3","targetHints":{"allow":["GET"]}}],"collection":[{"href":"https:\/\/www.raetia.net\/it\/wp-json\/wp\/v2\/pages"}],"about":[{"href":"https:\/\/www.raetia.net\/it\/wp-json\/wp\/v2\/types\/page"}],"author":[{"embeddable":true,"href":"https:\/\/www.raetia.net\/it\/wp-json\/wp\/v2\/users\/1"}],"replies":[{"embeddable":true,"href":"https:\/\/www.raetia.net\/it\/wp-json\/wp\/v2\/comments?post=3"}],"version-history":[{"count":8,"href":"https:\/\/www.raetia.net\/it\/wp-json\/wp\/v2\/pages\/3\/revisions"}],"predecessor-version":[{"id":1187,"href":"https:\/\/www.raetia.net\/it\/wp-json\/wp\/v2\/pages\/3\/revisions\/1187"}],"wp:attachment":[{"href":"https:\/\/www.raetia.net\/it\/wp-json\/wp\/v2\/media?parent=3"}],"curies":[{"name":"wp","href":"https:\/\/api.w.org\/{rel}","templated":true}]}}